{"id":9981,"date":"2022-06-08T16:09:50","date_gmt":"2022-06-08T21:09:50","guid":{"rendered":"https:\/\/saludnl.gob.mx\/regulacion-sanitaria\/?page_id=9981"},"modified":"2022-06-08T16:09:50","modified_gmt":"2022-06-08T21:09:50","slug":"recomendaciones-ante-la-emergencia-por-sequia","status":"publish","type":"page","link":"https:\/\/saludnl.gob.mx\/regulacion-sanitaria\/index.php\/recomendaciones-ante-la-emergencia-por-sequia\/","title":{"rendered":"Recomendaciones ante la emergencia por sequ\u00eda"},"content":{"rendered":"<p>&nbsp;<\/p>\n<p><img loading=\"lazy\" decoding=\"async\" class=\"alignnone size-full wp-image-9982\" src=\"https:\/\/saludnl.gob.mx\/regulacion-sanitaria\/wp-content\/uploads\/2022\/06\/Buenas-practicas-sanitarias-en-el-manejo-de-leche-humana-2.png\" alt=\"\" width=\"1200\" height=\"400\" srcset=\"https:\/\/saludnl.gob.mx\/regulacion-sanitaria\/wp-content\/uploads\/2022\/06\/Buenas-practicas-sanitarias-en-el-manejo-de-leche-humana-2.png 1200w, https:\/\/saludnl.gob.mx\/regulacion-sanitaria\/wp-content\/uploads\/2022\/06\/Buenas-practicas-sanitarias-en-el-manejo-de-leche-humana-2-300x100.png 300w, https:\/\/saludnl.gob.mx\/regulacion-sanitaria\/wp-content\/uploads\/2022\/06\/Buenas-practicas-sanitarias-en-el-manejo-de-leche-humana-2-1024x341.png 1024w, https:\/\/saludnl.gob.mx\/regulacion-sanitaria\/wp-content\/uploads\/2022\/06\/Buenas-practicas-sanitarias-en-el-manejo-de-leche-humana-2-768x256.png 768w\" sizes=\"auto, (max-width: 1200px) 100vw, 1200px\" \/><\/p>\n<p>&nbsp;<\/p>\n<p>&nbsp;<\/p>\n<h3><strong>Situaci\u00f3n del Agua en Nuevo Le\u00f3n<\/strong><\/h3>\n<h3><strong>Panorama actual<\/strong><\/h3>\n<p>El gobierno de Nuevo Le\u00f3n emiti\u00f3 una <strong><u>Declaratoria de Emergencia por sequ\u00eda <\/u><\/strong>en la entidad, ante la ausencia de lluvias que han provocado un baj\u00edsimo llenado de las presas de Cerro Prieto y La Boca, las cuales no cuentan con el volumen m\u00ednimo requerido para soportar los meses de primavera y verano. Publicado en el Peri\u00f3dico Oficial del Estado el 2 de Enero del 2022. Desde esa fecha se han presentado bajos niveles de volumen en la Presa Cerro Prieto con el 9.88%; la Presa La Boca con un 25.28%, y la Presa el Cuchillo con un 53.98% de su capacidad de almacenamiento&#8221;.<\/p>\n<p>El 9 de febrero el gobernador Samuel Garc\u00eda, anuncia la incorporaci\u00f3n de 108 pozos de agua, tras encabezar la rueda de prensa de El Nuevo Le\u00f3n Informa, acompa\u00f1ado de Juan Ignacio Barrag\u00e1n, Director de los Servicios de Agua y Drenaje de Monterrey, el Mandatario di\u00f3 a conocer acciones como la perforaci\u00f3n de 22 pozos en la Macroplaza, la rehabilitaci\u00f3n de 30 pozos existentes, la perforaci\u00f3n de 50 nuevos pozos y otros 6 de los considerados profundos, para con estas 108 fuentes contar con 2 mil 674 litros m\u00e1s por segundo de suministro de agua para el \u00c1rea Metropolitana de Monterrey.<\/p>\n<p><strong>El manejo de la contingencia<\/strong><\/p>\n<p>Algunas de las razones por lo cual s\u00f3lo habr\u00e1 agua de 4 am a 10 am son: las presas no se recuperan, las precipitaciones has sido 35 % a 40% abajo del promedio, hay 4 pozos de Mina que no est\u00e1n operando por vandalismo, fallas en las tuber\u00edas agravan en las \u00e9pocas de crisis, los tanques principales est\u00e1n abajo del m\u00ednimo indispensable.<\/p>\n<p><img loading=\"lazy\" decoding=\"async\" class=\"alignnone size-full wp-image-9984\" src=\"https:\/\/saludnl.gob.mx\/regulacion-sanitaria\/wp-content\/uploads\/2022\/06\/woman-holding-glass-filled-with-water-1-scaled.jpg\" alt=\"\" width=\"2560\" height=\"1706\" srcset=\"https:\/\/saludnl.gob.mx\/regulacion-sanitaria\/wp-content\/uploads\/2022\/06\/woman-holding-glass-filled-with-water-1-scaled.jpg 2560w, https:\/\/saludnl.gob.mx\/regulacion-sanitaria\/wp-content\/uploads\/2022\/06\/woman-holding-glass-filled-with-water-1-300x200.jpg 300w, https:\/\/saludnl.gob.mx\/regulacion-sanitaria\/wp-content\/uploads\/2022\/06\/woman-holding-glass-filled-with-water-1-1024x683.jpg 1024w, https:\/\/saludnl.gob.mx\/regulacion-sanitaria\/wp-content\/uploads\/2022\/06\/woman-holding-glass-filled-with-water-1-768x512.jpg 768w, https:\/\/saludnl.gob.mx\/regulacion-sanitaria\/wp-content\/uploads\/2022\/06\/woman-holding-glass-filled-with-water-1-1536x1024.jpg 1536w, https:\/\/saludnl.gob.mx\/regulacion-sanitaria\/wp-content\/uploads\/2022\/06\/woman-holding-glass-filled-with-water-1-2048x1365.jpg 2048w, https:\/\/saludnl.gob.mx\/regulacion-sanitaria\/wp-content\/uploads\/2022\/06\/woman-holding-glass-filled-with-water-1-272x182.jpg 272w\" sizes=\"auto, (max-width: 2560px) 100vw, 2560px\" \/><\/p>\n<p>&nbsp;<\/p>\n<h3><strong>Agua y alimentos<\/strong><\/h3>\n<p>El\u00a0<strong>agua<\/strong>\u00a0no solo es un bien necesario para la producci\u00f3n alimentaria. Tambi\u00e9n es un factor determinante para la conservaci\u00f3n y seguridad de los\u00a0<strong>alimentos<\/strong>. El ataque de los microorganismos es la principal causa de deterioro y su crecimiento est\u00e1 ligado a la cantidad de\u00a0<strong>agua<\/strong>\u00a0que contiene el\u00a0<strong>alimento<\/strong>.<\/p>\n<p>&nbsp;<\/p>\n<h3><strong><img loading=\"lazy\" decoding=\"async\" class=\"wp-image-9983 alignleft\" src=\"https:\/\/saludnl.gob.mx\/regulacion-sanitaria\/wp-content\/uploads\/2022\/06\/woman-holding-glass-filled-with-water-copy-space.jpg\" alt=\"\" width=\"583\" height=\"328\" srcset=\"https:\/\/saludnl.gob.mx\/regulacion-sanitaria\/wp-content\/uploads\/2022\/06\/woman-holding-glass-filled-with-water-copy-space.jpg 1500w, https:\/\/saludnl.gob.mx\/regulacion-sanitaria\/wp-content\/uploads\/2022\/06\/woman-holding-glass-filled-with-water-copy-space-300x169.jpg 300w, https:\/\/saludnl.gob.mx\/regulacion-sanitaria\/wp-content\/uploads\/2022\/06\/woman-holding-glass-filled-with-water-copy-space-1024x576.jpg 1024w, https:\/\/saludnl.gob.mx\/regulacion-sanitaria\/wp-content\/uploads\/2022\/06\/woman-holding-glass-filled-with-water-copy-space-768x432.jpg 768w\" sizes=\"auto, (max-width: 583px) 100vw, 583px\" \/><\/strong><\/h3>\n<p><strong>Recomendaciones ante la emergencia por sequ\u00eda<\/strong><\/p>\n<p>Para \u00a0minimizar los riesgos a la salud y disminuir la incidencia de enfermedades gastrointestinales que se puedan generar por\u00a0 la emergencia por sequ\u00eda en el Estado de Nuevo Le\u00f3n podemos llevar a cabo las siguientes medidas:<\/p>\n<ul>\n<li>Dep\u00f3sitos de agua deber\u00e1n estar protegidos contra la contaminaci\u00f3n, corrosi\u00f3n y estar tapados, s\u00f3lo abrirse para su mantenimiento, limpieza, desinfecci\u00f3n\u00a0 o verificaci\u00f3n.<\/li>\n<li>Uso de agua no potable restringirse a producci\u00f3n de vapor, refrigeraci\u00f3n, sistema contra incendios, no debe estar en contacto con materia prima o productos y debe transportarse por tuber\u00eda independiente al agua potable.<\/li>\n<li>El servicio de drenaje debe contar con trampas contra olores, coladeras o canaletas con rejillas, mantenerse libres de basura, sin estancamientos y en buen estado, sistema de evacuaci\u00f3n de aguas residuales, libre de fugas, residuos, fauna nociva y trampas de grasa.<\/li>\n<li>En cuanto a los servicios el agua para el inodoro puede ser no potable<\/li>\n<\/ul>\n<p><u>Debe ser agua potable el agua en contacto con alimentos, materias primas, \u00e1rea en contacto con los mismos, envases primarios y aquellos para elaborar hielo<\/u>.<\/p>\n<p>&nbsp;<\/p>\n<p>La falta de mantenimiento a los sistemas de almacenamiento de agua potable en el hogar puede ser la entrada a cientos de g\u00e9rmenes y bacterias que ponen en <strong>riesgo tu salud<\/strong> y la de tu familia, causando enfermedades dermatol\u00f3gicas, gastrointestinales, hepatitis, salmonella, E-Coli, entre otras.<\/p>\n<p>Puedes descargar la gu\u00eda para lavado de tinaco en nuestra p\u00e1gina web:<img loading=\"lazy\" decoding=\"async\" class=\"wp-image-9985 alignright\" src=\"https:\/\/saludnl.gob.mx\/regulacion-sanitaria\/wp-content\/uploads\/2022\/06\/tinaco.jpg\" alt=\"\" width=\"447\" height=\"350\" srcset=\"https:\/\/saludnl.gob.mx\/regulacion-sanitaria\/wp-content\/uploads\/2022\/06\/tinaco.jpg 703w, https:\/\/saludnl.gob.mx\/regulacion-sanitaria\/wp-content\/uploads\/2022\/06\/tinaco-300x235.jpg 300w\" sizes=\"auto, (max-width: 447px) 100vw, 447px\" \/><\/p>\n<p><a href=\"https:\/\/saludnl.gob.mx\/regulacion-sanitaria\/index.php\/material-para-descarga\/\">https:\/\/saludnl.gob.mx\/regulacion-sanitaria\/index.php\/material-para-descarga\/<\/a><\/p>\n<p>El agua debe ser potable y cumplir con los l\u00edmites permisibles de cloro residual libre y de organismos coliformes totales y fecales establecidos en la Modificaci\u00f3n a la NOM-127-SSA1-1994: Salud ambiental, agua para uso y consumo humano-l\u00edmites permisibles de calidad y tratamientos a que debe someterse el agua para su potabilizaci\u00f3n&#8221;.<\/p>\n<p><strong>La medici\u00f3n de cloro residual del agua deber\u00e1 encontrarse en el rango de 0.2 &#8211; 1.5 ppm.<\/strong><\/p>\n<p><strong>Algunas recomendaciones para cuidar el agua en esta \u00e9poca de sequ\u00eda en el hogar:<\/strong><\/p>\n<ul>\n<li>Si utilizan lavaplatos, aprovecha su uso y mantenlo lleno para aprovechar el ciclo.<\/li>\n<li>Evitar usar el agua a chorro para descongelar.<\/li>\n<li>Evita dejar el agua corriendo para esperar a que se caliente, gu\u00e1rdala en un recipiente para darle otros usos.<\/li>\n<li>Toma ba\u00f1os de 5 minutos y cierra la regadera mientras te enjabonas.<\/li>\n<li>Junta tu ropa de manera semanal para usar el menor n\u00famero de lavadoras<\/li>\n<li>Lava tus dientes y tu cepillo dental utilizando un vaso con agua potable.<\/li>\n<li>Lava tus toallas y s\u00e1banas una vez por semana.<\/li>\n<\/ul>\n<p><strong>\u00a0<\/strong><\/p>\n<p><strong>Mantente informado<\/strong><\/p>\n<p>Revisa las p\u00e1ginas oficiales para contar con toda la informaci\u00f3n actualizada sobre la situaci\u00f3n del agua en el estado y las medidas que se llevar\u00e1n a cabo.<\/p>\n<p><a href=\"https:\/\/saludnl.gob.mx\/\"><strong>https:\/\/saludnl.gob.mx\/<\/strong><\/a><\/p>\n<p><a href=\"https:\/\/www.sadm.gob.mx\/\"><strong>https:\/\/www.sadm.gob.mx\/<\/strong><\/a><\/p>\n<p><a href=\"https:\/\/www.facebook.com\/SecretariaSaludNL\"><strong>https:\/\/www.facebook.com\/SecretariaSaludNL<\/strong><\/a><\/p>\n<p><a href=\"https:\/\/www.nl.gob.mx\/\"><strong>https:\/\/www.nl.gob.mx\/<\/strong><\/a><\/p>\n<p><strong>\u00a0<\/strong><\/p>\n<p><strong>\u00a0<\/strong><\/p>\n<p><strong>\u00a0<\/strong><\/p>\n<p><strong>\u00a0<\/strong><\/p>\n<p><strong>\u00a0<\/strong><\/p>\n<p><strong>\u00a0<\/strong><\/p>\n<p><strong>\u00a0<\/strong><\/p>\n","protected":false},"excerpt":{"rendered":"<p>&nbsp; &nbsp; &nbsp; Situaci\u00f3n del Agua en Nuevo Le\u00f3n Panorama actual El gobierno de Nuevo Le\u00f3n emiti\u00f3 una Declaratoria de Emergencia por sequ\u00eda en la entidad, ante la ausencia de lluvias que han provocado un baj\u00edsimo llenado de las presas de Cerro Prieto y La Boca, las cuales no cuentan con el volumen m\u00ednimo requerido [&hellip;]<\/p>\n","protected":false},"author":5,"featured_media":0,"parent":0,"menu_order":0,"comment_status":"closed","ping_status":"closed","template":"","meta":{"footnotes":""},"class_list":["post-9981","page","type-page","status-publish","hentry"],"_links":{"self":[{"href":"https:\/\/saludnl.gob.mx\/regulacion-sanitaria\/index.php\/wp-json\/wp\/v2\/pages\/9981","targetHints":{"allow":["GET"]}}],"collection":[{"href":"https:\/\/saludnl.gob.mx\/regulacion-sanitaria\/index.php\/wp-json\/wp\/v2\/pages"}],"about":[{"href":"https:\/\/saludnl.gob.mx\/regulacion-sanitaria\/index.php\/wp-json\/wp\/v2\/types\/page"}],"author":[{"embeddable":true,"href":"https:\/\/saludnl.gob.mx\/regulacion-sanitaria\/index.php\/wp-json\/wp\/v2\/users\/5"}],"replies":[{"embeddable":true,"href":"https:\/\/saludnl.gob.mx\/regulacion-sanitaria\/index.php\/wp-json\/wp\/v2\/comments?post=9981"}],"version-history":[{"count":2,"href":"https:\/\/saludnl.gob.mx\/regulacion-sanitaria\/index.php\/wp-json\/wp\/v2\/pages\/9981\/revisions"}],"predecessor-version":[{"id":9987,"href":"https:\/\/saludnl.gob.mx\/regulacion-sanitaria\/index.php\/wp-json\/wp\/v2\/pages\/9981\/revisions\/9987"}],"wp:attachment":[{"href":"https:\/\/saludnl.gob.mx\/regulacion-sanitaria\/index.php\/wp-json\/wp\/v2\/media?parent=9981"}],"curies":[{"name":"wp","href":"https:\/\/api.w.org\/{rel}","templated":true}]}}