{"id":9538,"date":"2022-05-02T15:13:14","date_gmt":"2022-05-02T20:13:14","guid":{"rendered":"https:\/\/saludnl.gob.mx\/regulacion-sanitaria\/?page_id=9538"},"modified":"2022-05-19T14:20:07","modified_gmt":"2022-05-19T19:20:07","slug":"primera-semana-nacional-contra-riesgos-sanitarios-2022","status":"publish","type":"page","link":"https:\/\/saludnl.gob.mx\/regulacion-sanitaria\/index.php\/primera-semana-nacional-contra-riesgos-sanitarios-2022\/","title":{"rendered":"Primera Semana Nacional Contra Riesgos Sanitarios 2022"},"content":{"rendered":"<p><img loading=\"lazy\" decoding=\"async\" class=\"size-full wp-image-9540 aligncenter\" src=\"https:\/\/saludnl.gob.mx\/regulacion-sanitaria\/wp-content\/uploads\/2022\/05\/SNRS.jpg\" alt=\"\" width=\"801\" height=\"344\" srcset=\"https:\/\/saludnl.gob.mx\/regulacion-sanitaria\/wp-content\/uploads\/2022\/05\/SNRS.jpg 801w, https:\/\/saludnl.gob.mx\/regulacion-sanitaria\/wp-content\/uploads\/2022\/05\/SNRS-300x129.jpg 300w, https:\/\/saludnl.gob.mx\/regulacion-sanitaria\/wp-content\/uploads\/2022\/05\/SNRS-768x330.jpg 768w\" sizes=\"auto, (max-width: 801px) 100vw, 801px\" \/><\/p>\n<p>La Comisi\u00f3n Nacional del Agua (Conagua) y la Comisi\u00f3n Federal para la Protecci\u00f3n contra Riesgos Sanitarios (Cofepris) establecieron una alianza estrat\u00e9gica con el objetivo de contribuir a la disminuci\u00f3n de riesgos sanitarios, mediante acciones de difusi\u00f3n y educaci\u00f3n dirigidas a diferentes sectores de la poblaci\u00f3n en todo el pa\u00eds.<\/p>\n<p>Para ello, se desarroll\u00f3 la&nbsp;<strong>Primera Semana Nacional de Protecci\u00f3n Contra Riesgos Sanitarios Cofepris-Conagua<\/strong>; la cual, comprende una serie de eventos que se llevar\u00e1n a cabo entre el 30 de abril y el 6 de mayo.<\/p>\n<p>Los temas centrales del evento ser\u00e1n el agua limpia y el saneamiento y, con ese parteaguas, se seleccionaron siete temas de protecci\u00f3n a la salud durante cada d\u00eda del evento.<\/p>\n<ul>\n<li>Agua limpia: prevenir riesgos a la salud mediante la adopci\u00f3n de pr\u00e1cticas para el aprovechamiento de este recurso de manera consciente.<\/li>\n<li>Saneamiento: fomentar acciones de higiene cotidiana, as\u00ed como de tratamiento y re\u00faso del agua.<\/li>\n<li>Farmacovigilancia: fortalecer el rol de la vigilancia pos-comercializaci\u00f3n de medicamentos y vacunas.<\/li>\n<li>Espacio libre de humo: recuperar o incrementar espacios libres de humo de tabaco y vapeadores.<\/li>\n<li>Manejo higi\u00e9nico de alimentos: concientizar sobre el manejo higi\u00e9nico de alimentos y sobre la importancia del agua limpia en su manejo.<\/li>\n<li>Uso adecuado de medicamentos: sensibilizar en cuanto a la administraci\u00f3n y consumo responsable de productos m\u00e9dicos.<\/li>\n<li>Digitalizaci\u00f3n: promover las herramientas digitales disponibles para agilizar la regulaci\u00f3n sanitaria y promover la innovaci\u00f3n.<\/li>\n<\/ul>\n<p>Mayor informaci\u00f3n:&nbsp;<a href=\"https:\/\/www.gob.mx\/conagua\/articulos\/primera-semana-nacional-de-proteccion-contra-riesgos-sanitarios-cofepris-conagua\">https:\/\/www.gob.mx\/conagua\/articulos\/primera-semana-nacional-de-proteccion-contra-riesgos-sanitarios-cofepris-conagua<\/a><\/p>\n<p style=\"text-align: center;\">\n<\/p><h2 style=\"text-align: center;\">\u00a1Conoce nuestras acciones en la <strong>Primera Semana Nacional de Protecci\u00f3n Contra Riesgos Sanitarios!<\/strong><\/h2>\n<p><\/p>\n\n\n<figure class=\"wp-block-gallery columns-3 is-cropped wp-block-gallery-1 is-layout-flex wp-block-gallery-is-layout-flex\"><ul class=\"blocks-gallery-grid\"><li class=\"blocks-gallery-item\"><figure><img loading=\"lazy\" decoding=\"async\" width=\"461\" height=\"1024\" src=\"https:\/\/saludnl.gob.mx\/regulacion-sanitaria\/wp-content\/uploads\/2022\/05\/WhatsApp-Image-2022-05-02-at-12.39.40-PM-461x1024.jpeg\" alt=\"\" data-id=\"9701\" data-link=\"https:\/\/saludnl.gob.mx\/regulacion-sanitaria\/index.php\/primera-semana-nacional-contra-riesgos-sanitarios-2022\/whatsapp-image-2022-05-02-at-12-39-40-pm\/\" class=\"wp-image-9701\" srcset=\"https:\/\/saludnl.gob.mx\/regulacion-sanitaria\/wp-content\/uploads\/2022\/05\/WhatsApp-Image-2022-05-02-at-12.39.40-PM-461x1024.jpeg 461w, https:\/\/saludnl.gob.mx\/regulacion-sanitaria\/wp-content\/uploads\/2022\/05\/WhatsApp-Image-2022-05-02-at-12.39.40-PM-135x300.jpeg 135w, https:\/\/saludnl.gob.mx\/regulacion-sanitaria\/wp-content\/uploads\/2022\/05\/WhatsApp-Image-2022-05-02-at-12.39.40-PM.jpeg 666w\" sizes=\"auto, (max-width: 461px) 100vw, 461px\" \/><\/figure><\/li><li class=\"blocks-gallery-item\"><figure><img loading=\"lazy\" decoding=\"async\" width=\"1024\" height=\"647\" src=\"https:\/\/saludnl.gob.mx\/regulacion-sanitaria\/wp-content\/uploads\/2022\/05\/WhatsApp-Image-2022-05-04-at-10.00.14-AM.jpeg\" alt=\"\" data-id=\"9700\" data-link=\"https:\/\/saludnl.gob.mx\/regulacion-sanitaria\/index.php\/primera-semana-nacional-contra-riesgos-sanitarios-2022\/whatsapp-image-2022-05-04-at-10-00-14-am\/\" class=\"wp-image-9700\" srcset=\"https:\/\/saludnl.gob.mx\/regulacion-sanitaria\/wp-content\/uploads\/2022\/05\/WhatsApp-Image-2022-05-04-at-10.00.14-AM.jpeg 1024w, https:\/\/saludnl.gob.mx\/regulacion-sanitaria\/wp-content\/uploads\/2022\/05\/WhatsApp-Image-2022-05-04-at-10.00.14-AM-300x190.jpeg 300w, https:\/\/saludnl.gob.mx\/regulacion-sanitaria\/wp-content\/uploads\/2022\/05\/WhatsApp-Image-2022-05-04-at-10.00.14-AM-768x485.jpeg 768w\" sizes=\"auto, (max-width: 1024px) 100vw, 1024px\" \/><\/figure><\/li><li class=\"blocks-gallery-item\"><figure><img loading=\"lazy\" decoding=\"async\" width=\"768\" height=\"1024\" src=\"https:\/\/saludnl.gob.mx\/regulacion-sanitaria\/wp-content\/uploads\/2022\/05\/WhatsApp-Image-2022-05-17-at-3.42.57-PM-768x1024.jpeg\" alt=\"\" data-id=\"9702\" data-link=\"https:\/\/saludnl.gob.mx\/regulacion-sanitaria\/index.php\/primera-semana-nacional-contra-riesgos-sanitarios-2022\/whatsapp-image-2022-05-17-at-3-42-57-pm\/\" class=\"wp-image-9702\" srcset=\"https:\/\/saludnl.gob.mx\/regulacion-sanitaria\/wp-content\/uploads\/2022\/05\/WhatsApp-Image-2022-05-17-at-3.42.57-PM-768x1024.jpeg 768w, https:\/\/saludnl.gob.mx\/regulacion-sanitaria\/wp-content\/uploads\/2022\/05\/WhatsApp-Image-2022-05-17-at-3.42.57-PM-225x300.jpeg 225w, https:\/\/saludnl.gob.mx\/regulacion-sanitaria\/wp-content\/uploads\/2022\/05\/WhatsApp-Image-2022-05-17-at-3.42.57-PM.jpeg 864w\" sizes=\"auto, (max-width: 768px) 100vw, 768px\" \/><\/figure><\/li><li class=\"blocks-gallery-item\"><figure><img loading=\"lazy\" decoding=\"async\" width=\"1024\" height=\"768\" src=\"https:\/\/saludnl.gob.mx\/regulacion-sanitaria\/wp-content\/uploads\/2022\/05\/WhatsApp-Image-2022-05-18-at-4.19.57-PM-1-1024x768.jpeg\" alt=\"\" data-id=\"9713\" data-full-url=\"https:\/\/saludnl.gob.mx\/regulacion-sanitaria\/wp-content\/uploads\/2022\/05\/WhatsApp-Image-2022-05-18-at-4.19.57-PM-1.jpeg\" data-link=\"https:\/\/saludnl.gob.mx\/regulacion-sanitaria\/index.php\/primera-semana-nacional-contra-riesgos-sanitarios-2022\/whatsapp-image-2022-05-18-at-4-19-57-pm-1\/\" class=\"wp-image-9713\" srcset=\"https:\/\/saludnl.gob.mx\/regulacion-sanitaria\/wp-content\/uploads\/2022\/05\/WhatsApp-Image-2022-05-18-at-4.19.57-PM-1-1024x768.jpeg 1024w, https:\/\/saludnl.gob.mx\/regulacion-sanitaria\/wp-content\/uploads\/2022\/05\/WhatsApp-Image-2022-05-18-at-4.19.57-PM-1-300x225.jpeg 300w, https:\/\/saludnl.gob.mx\/regulacion-sanitaria\/wp-content\/uploads\/2022\/05\/WhatsApp-Image-2022-05-18-at-4.19.57-PM-1-768x576.jpeg 768w, https:\/\/saludnl.gob.mx\/regulacion-sanitaria\/wp-content\/uploads\/2022\/05\/WhatsApp-Image-2022-05-18-at-4.19.57-PM-1-1536x1153.jpeg 1536w, https:\/\/saludnl.gob.mx\/regulacion-sanitaria\/wp-content\/uploads\/2022\/05\/WhatsApp-Image-2022-05-18-at-4.19.57-PM-1.jpeg 1599w\" sizes=\"auto, (max-width: 1024px) 100vw, 1024px\" \/><\/figure><\/li><li class=\"blocks-gallery-item\"><figure><img loading=\"lazy\" decoding=\"async\" width=\"1024\" height=\"768\" src=\"https:\/\/saludnl.gob.mx\/regulacion-sanitaria\/wp-content\/uploads\/2022\/05\/WhatsApp-Image-2022-05-18-at-4.19.57-PM-1024x768.jpeg\" alt=\"\" data-id=\"9715\" data-full-url=\"https:\/\/saludnl.gob.mx\/regulacion-sanitaria\/wp-content\/uploads\/2022\/05\/WhatsApp-Image-2022-05-18-at-4.19.57-PM.jpeg\" data-link=\"https:\/\/saludnl.gob.mx\/regulacion-sanitaria\/index.php\/primera-semana-nacional-contra-riesgos-sanitarios-2022\/whatsapp-image-2022-05-18-at-4-19-57-pm\/\" class=\"wp-image-9715\" srcset=\"https:\/\/saludnl.gob.mx\/regulacion-sanitaria\/wp-content\/uploads\/2022\/05\/WhatsApp-Image-2022-05-18-at-4.19.57-PM-1024x768.jpeg 1024w, https:\/\/saludnl.gob.mx\/regulacion-sanitaria\/wp-content\/uploads\/2022\/05\/WhatsApp-Image-2022-05-18-at-4.19.57-PM-300x225.jpeg 300w, https:\/\/saludnl.gob.mx\/regulacion-sanitaria\/wp-content\/uploads\/2022\/05\/WhatsApp-Image-2022-05-18-at-4.19.57-PM-768x576.jpeg 768w, https:\/\/saludnl.gob.mx\/regulacion-sanitaria\/wp-content\/uploads\/2022\/05\/WhatsApp-Image-2022-05-18-at-4.19.57-PM-1536x1152.jpeg 1536w, https:\/\/saludnl.gob.mx\/regulacion-sanitaria\/wp-content\/uploads\/2022\/05\/WhatsApp-Image-2022-05-18-at-4.19.57-PM.jpeg 1600w\" sizes=\"auto, (max-width: 1024px) 100vw, 1024px\" \/><\/figure><\/li><li class=\"blocks-gallery-item\"><figure><img loading=\"lazy\" decoding=\"async\" width=\"768\" height=\"1024\" src=\"https:\/\/saludnl.gob.mx\/regulacion-sanitaria\/wp-content\/uploads\/2022\/05\/WhatsApp-Image-2022-05-18-at-4.20.27-PM.jpeg\" alt=\"\" data-id=\"9717\" data-full-url=\"https:\/\/saludnl.gob.mx\/regulacion-sanitaria\/wp-content\/uploads\/2022\/05\/WhatsApp-Image-2022-05-18-at-4.20.27-PM.jpeg\" data-link=\"https:\/\/saludnl.gob.mx\/regulacion-sanitaria\/index.php\/primera-semana-nacional-contra-riesgos-sanitarios-2022\/whatsapp-image-2022-05-18-at-4-20-27-pm\/\" class=\"wp-image-9717\" srcset=\"https:\/\/saludnl.gob.mx\/regulacion-sanitaria\/wp-content\/uploads\/2022\/05\/WhatsApp-Image-2022-05-18-at-4.20.27-PM.jpeg 768w, https:\/\/saludnl.gob.mx\/regulacion-sanitaria\/wp-content\/uploads\/2022\/05\/WhatsApp-Image-2022-05-18-at-4.20.27-PM-225x300.jpeg 225w\" sizes=\"auto, (max-width: 768px) 100vw, 768px\" \/><\/figure><\/li><\/ul><\/figure>\n\n\n\n<div class=\"wp-block-columns is-layout-flex wp-container-core-columns-is-layout-9d6595d7 wp-block-columns-is-layout-flex\">\n<div class=\"wp-block-column is-layout-flow wp-block-column-is-layout-flow\" style=\"flex-basis:100%\">\n<figure class=\"wp-block-gallery columns-2 wp-block-gallery-2 is-layout-flex wp-block-gallery-is-layout-flex\"><ul class=\"blocks-gallery-grid\"><li class=\"blocks-gallery-item\"><figure><img loading=\"lazy\" decoding=\"async\" width=\"766\" height=\"1024\" src=\"https:\/\/saludnl.gob.mx\/regulacion-sanitaria\/wp-content\/uploads\/2022\/05\/WhatsApp-Image-2022-05-18-at-4.21.38-PM-4-766x1024.jpeg\" alt=\"\" data-id=\"9730\" data-link=\"https:\/\/saludnl.gob.mx\/regulacion-sanitaria\/index.php\/primera-semana-nacional-contra-riesgos-sanitarios-2022\/whatsapp-image-2022-05-18-at-4-21-38-pm-4\/\" class=\"wp-image-9730\" srcset=\"https:\/\/saludnl.gob.mx\/regulacion-sanitaria\/wp-content\/uploads\/2022\/05\/WhatsApp-Image-2022-05-18-at-4.21.38-PM-4-766x1024.jpeg 766w, https:\/\/saludnl.gob.mx\/regulacion-sanitaria\/wp-content\/uploads\/2022\/05\/WhatsApp-Image-2022-05-18-at-4.21.38-PM-4-225x300.jpeg 225w, https:\/\/saludnl.gob.mx\/regulacion-sanitaria\/wp-content\/uploads\/2022\/05\/WhatsApp-Image-2022-05-18-at-4.21.38-PM-4-768x1026.jpeg 768w, https:\/\/saludnl.gob.mx\/regulacion-sanitaria\/wp-content\/uploads\/2022\/05\/WhatsApp-Image-2022-05-18-at-4.21.38-PM-4.jpeg 958w\" sizes=\"auto, (max-width: 766px) 100vw, 766px\" \/><\/figure><\/li><li class=\"blocks-gallery-item\"><figure><img loading=\"lazy\" decoding=\"async\" width=\"300\" height=\"225\" src=\"https:\/\/saludnl.gob.mx\/regulacion-sanitaria\/wp-content\/uploads\/2022\/05\/WhatsApp-Image-2022-05-18-at-4.12.34-PM-2-1-300x225.jpeg\" alt=\"\" data-id=\"9736\" data-full-url=\"https:\/\/saludnl.gob.mx\/regulacion-sanitaria\/wp-content\/uploads\/2022\/05\/WhatsApp-Image-2022-05-18-at-4.12.34-PM-2-1.jpeg\" data-link=\"https:\/\/saludnl.gob.mx\/regulacion-sanitaria\/index.php\/primera-semana-nacional-contra-riesgos-sanitarios-2022\/whatsapp-image-2022-05-18-at-4-12-34-pm-2-1\/\" class=\"wp-image-9736\" srcset=\"https:\/\/saludnl.gob.mx\/regulacion-sanitaria\/wp-content\/uploads\/2022\/05\/WhatsApp-Image-2022-05-18-at-4.12.34-PM-2-1-300x225.jpeg 300w, https:\/\/saludnl.gob.mx\/regulacion-sanitaria\/wp-content\/uploads\/2022\/05\/WhatsApp-Image-2022-05-18-at-4.12.34-PM-2-1-1024x768.jpeg 1024w, https:\/\/saludnl.gob.mx\/regulacion-sanitaria\/wp-content\/uploads\/2022\/05\/WhatsApp-Image-2022-05-18-at-4.12.34-PM-2-1-768x576.jpeg 768w, https:\/\/saludnl.gob.mx\/regulacion-sanitaria\/wp-content\/uploads\/2022\/05\/WhatsApp-Image-2022-05-18-at-4.12.34-PM-2-1-1536x1152.jpeg 1536w, https:\/\/saludnl.gob.mx\/regulacion-sanitaria\/wp-content\/uploads\/2022\/05\/WhatsApp-Image-2022-05-18-at-4.12.34-PM-2-1.jpeg 1600w\" sizes=\"auto, (max-width: 300px) 100vw, 300px\" \/><\/figure><\/li><\/ul><\/figure>\n\n\n\n<figure class=\"wp-block-gallery columns-3 is-cropped wp-block-gallery-3 is-layout-flex wp-block-gallery-is-layout-flex\"><ul class=\"blocks-gallery-grid\"><li class=\"blocks-gallery-item\"><figure><img loading=\"lazy\" decoding=\"async\" width=\"1024\" height=\"768\" src=\"https:\/\/saludnl.gob.mx\/regulacion-sanitaria\/wp-content\/uploads\/2022\/05\/WhatsApp-Image-2022-05-18-at-4.12.33-PM-4-1.jpeg\" alt=\"\" data-id=\"9757\" data-full-url=\"https:\/\/saludnl.gob.mx\/regulacion-sanitaria\/wp-content\/uploads\/2022\/05\/WhatsApp-Image-2022-05-18-at-4.12.33-PM-4-1.jpeg\" data-link=\"https:\/\/saludnl.gob.mx\/regulacion-sanitaria\/index.php\/primera-semana-nacional-contra-riesgos-sanitarios-2022\/whatsapp-image-2022-05-18-at-4-12-33-pm-4-1\/\" class=\"wp-image-9757\" srcset=\"https:\/\/saludnl.gob.mx\/regulacion-sanitaria\/wp-content\/uploads\/2022\/05\/WhatsApp-Image-2022-05-18-at-4.12.33-PM-4-1.jpeg 1024w, https:\/\/saludnl.gob.mx\/regulacion-sanitaria\/wp-content\/uploads\/2022\/05\/WhatsApp-Image-2022-05-18-at-4.12.33-PM-4-1-300x225.jpeg 300w, https:\/\/saludnl.gob.mx\/regulacion-sanitaria\/wp-content\/uploads\/2022\/05\/WhatsApp-Image-2022-05-18-at-4.12.33-PM-4-1-768x576.jpeg 768w\" sizes=\"auto, (max-width: 1024px) 100vw, 1024px\" \/><\/figure><\/li><li class=\"blocks-gallery-item\"><figure><img loading=\"lazy\" decoding=\"async\" width=\"771\" height=\"1024\" src=\"https:\/\/saludnl.gob.mx\/regulacion-sanitaria\/wp-content\/uploads\/2022\/05\/WhatsApp-Image-2022-05-18-at-4.12.33-PM-2-1-771x1024.jpeg\" alt=\"\" data-id=\"9758\" data-full-url=\"https:\/\/saludnl.gob.mx\/regulacion-sanitaria\/wp-content\/uploads\/2022\/05\/WhatsApp-Image-2022-05-18-at-4.12.33-PM-2-1.jpeg\" data-link=\"https:\/\/saludnl.gob.mx\/regulacion-sanitaria\/index.php\/primera-semana-nacional-contra-riesgos-sanitarios-2022\/whatsapp-image-2022-05-18-at-4-12-33-pm-2-1\/\" class=\"wp-image-9758\" srcset=\"https:\/\/saludnl.gob.mx\/regulacion-sanitaria\/wp-content\/uploads\/2022\/05\/WhatsApp-Image-2022-05-18-at-4.12.33-PM-2-1-771x1024.jpeg 771w, https:\/\/saludnl.gob.mx\/regulacion-sanitaria\/wp-content\/uploads\/2022\/05\/WhatsApp-Image-2022-05-18-at-4.12.33-PM-2-1-226x300.jpeg 226w, https:\/\/saludnl.gob.mx\/regulacion-sanitaria\/wp-content\/uploads\/2022\/05\/WhatsApp-Image-2022-05-18-at-4.12.33-PM-2-1-768x1021.jpeg 768w, https:\/\/saludnl.gob.mx\/regulacion-sanitaria\/wp-content\/uploads\/2022\/05\/WhatsApp-Image-2022-05-18-at-4.12.33-PM-2-1-1156x1536.jpeg 1156w, https:\/\/saludnl.gob.mx\/regulacion-sanitaria\/wp-content\/uploads\/2022\/05\/WhatsApp-Image-2022-05-18-at-4.12.33-PM-2-1.jpeg 1204w\" sizes=\"auto, (max-width: 771px) 100vw, 771px\" \/><\/figure><\/li><li class=\"blocks-gallery-item\"><figure><img loading=\"lazy\" decoding=\"async\" width=\"1024\" height=\"766\" src=\"https:\/\/saludnl.gob.mx\/regulacion-sanitaria\/wp-content\/uploads\/2022\/05\/WhatsApp-Image-2022-05-18-at-4.12.33-PM-1-1-1024x766.jpeg\" alt=\"\" data-id=\"9759\" data-full-url=\"https:\/\/saludnl.gob.mx\/regulacion-sanitaria\/wp-content\/uploads\/2022\/05\/WhatsApp-Image-2022-05-18-at-4.12.33-PM-1-1.jpeg\" data-link=\"https:\/\/saludnl.gob.mx\/regulacion-sanitaria\/index.php\/primera-semana-nacional-contra-riesgos-sanitarios-2022\/whatsapp-image-2022-05-18-at-4-12-33-pm-1-1\/\" class=\"wp-image-9759\" srcset=\"https:\/\/saludnl.gob.mx\/regulacion-sanitaria\/wp-content\/uploads\/2022\/05\/WhatsApp-Image-2022-05-18-at-4.12.33-PM-1-1-1024x766.jpeg 1024w, https:\/\/saludnl.gob.mx\/regulacion-sanitaria\/wp-content\/uploads\/2022\/05\/WhatsApp-Image-2022-05-18-at-4.12.33-PM-1-1-300x224.jpeg 300w, https:\/\/saludnl.gob.mx\/regulacion-sanitaria\/wp-content\/uploads\/2022\/05\/WhatsApp-Image-2022-05-18-at-4.12.33-PM-1-1-768x575.jpeg 768w, https:\/\/saludnl.gob.mx\/regulacion-sanitaria\/wp-content\/uploads\/2022\/05\/WhatsApp-Image-2022-05-18-at-4.12.33-PM-1-1-1536x1149.jpeg 1536w, https:\/\/saludnl.gob.mx\/regulacion-sanitaria\/wp-content\/uploads\/2022\/05\/WhatsApp-Image-2022-05-18-at-4.12.33-PM-1-1.jpeg 1600w\" sizes=\"auto, (max-width: 1024px) 100vw, 1024px\" \/><\/figure><\/li><\/ul><\/figure>\n<\/div>\n<\/div>\n\n\n\n<div class=\"wp-block-columns is-layout-flex wp-container-core-columns-is-layout-9d6595d7 wp-block-columns-is-layout-flex\">\n<div class=\"wp-block-column is-layout-flow wp-block-column-is-layout-flow\" style=\"flex-basis:100%\">\n<figure class=\"wp-block-image size-large\"><img loading=\"lazy\" decoding=\"async\" width=\"1024\" height=\"461\" src=\"https:\/\/saludnl.gob.mx\/regulacion-sanitaria\/wp-content\/uploads\/2022\/05\/WhatsApp-Image-2022-05-18-at-4.12.34-PM-1-1-1024x461.jpeg\" alt=\"\" class=\"wp-image-9737\" srcset=\"https:\/\/saludnl.gob.mx\/regulacion-sanitaria\/wp-content\/uploads\/2022\/05\/WhatsApp-Image-2022-05-18-at-4.12.34-PM-1-1-1024x461.jpeg 1024w, https:\/\/saludnl.gob.mx\/regulacion-sanitaria\/wp-content\/uploads\/2022\/05\/WhatsApp-Image-2022-05-18-at-4.12.34-PM-1-1-300x135.jpeg 300w, https:\/\/saludnl.gob.mx\/regulacion-sanitaria\/wp-content\/uploads\/2022\/05\/WhatsApp-Image-2022-05-18-at-4.12.34-PM-1-1-768x346.jpeg 768w, https:\/\/saludnl.gob.mx\/regulacion-sanitaria\/wp-content\/uploads\/2022\/05\/WhatsApp-Image-2022-05-18-at-4.12.34-PM-1-1.jpeg 1160w\" sizes=\"auto, (max-width: 1024px) 100vw, 1024px\" \/><\/figure>\n<\/div>\n<\/div>\n\n\n\n<figure class=\"wp-block-gallery columns-3 is-cropped wp-block-gallery-4 is-layout-flex wp-block-gallery-is-layout-flex\"><ul class=\"blocks-gallery-grid\"><li class=\"blocks-gallery-item\"><figure><img loading=\"lazy\" decoding=\"async\" width=\"771\" height=\"1024\" src=\"https:\/\/saludnl.gob.mx\/regulacion-sanitaria\/wp-content\/uploads\/2022\/05\/WhatsApp-Image-2022-05-18-at-4.12.33-PM-2-2-771x1024.jpeg\" alt=\"\" data-id=\"9762\" data-full-url=\"https:\/\/saludnl.gob.mx\/regulacion-sanitaria\/wp-content\/uploads\/2022\/05\/WhatsApp-Image-2022-05-18-at-4.12.33-PM-2-2.jpeg\" data-link=\"https:\/\/saludnl.gob.mx\/regulacion-sanitaria\/index.php\/primera-semana-nacional-contra-riesgos-sanitarios-2022\/whatsapp-image-2022-05-18-at-4-12-33-pm-2-2\/\" class=\"wp-image-9762\" srcset=\"https:\/\/saludnl.gob.mx\/regulacion-sanitaria\/wp-content\/uploads\/2022\/05\/WhatsApp-Image-2022-05-18-at-4.12.33-PM-2-2-771x1024.jpeg 771w, https:\/\/saludnl.gob.mx\/regulacion-sanitaria\/wp-content\/uploads\/2022\/05\/WhatsApp-Image-2022-05-18-at-4.12.33-PM-2-2-226x300.jpeg 226w, https:\/\/saludnl.gob.mx\/regulacion-sanitaria\/wp-content\/uploads\/2022\/05\/WhatsApp-Image-2022-05-18-at-4.12.33-PM-2-2-768x1021.jpeg 768w, https:\/\/saludnl.gob.mx\/regulacion-sanitaria\/wp-content\/uploads\/2022\/05\/WhatsApp-Image-2022-05-18-at-4.12.33-PM-2-2-1156x1536.jpeg 1156w, https:\/\/saludnl.gob.mx\/regulacion-sanitaria\/wp-content\/uploads\/2022\/05\/WhatsApp-Image-2022-05-18-at-4.12.33-PM-2-2.jpeg 1204w\" sizes=\"auto, (max-width: 771px) 100vw, 771px\" \/><\/figure><\/li><li class=\"blocks-gallery-item\"><figure><img loading=\"lazy\" decoding=\"async\" width=\"768\" height=\"1024\" src=\"https:\/\/saludnl.gob.mx\/regulacion-sanitaria\/wp-content\/uploads\/2022\/05\/WhatsApp-Image-2022-05-18-at-4.14.40-PM-1-768x1024.jpeg\" alt=\"\" data-id=\"9763\" data-full-url=\"https:\/\/saludnl.gob.mx\/regulacion-sanitaria\/wp-content\/uploads\/2022\/05\/WhatsApp-Image-2022-05-18-at-4.14.40-PM-1.jpeg\" data-link=\"https:\/\/saludnl.gob.mx\/regulacion-sanitaria\/index.php\/primera-semana-nacional-contra-riesgos-sanitarios-2022\/whatsapp-image-2022-05-18-at-4-14-40-pm-1\/\" class=\"wp-image-9763\" srcset=\"https:\/\/saludnl.gob.mx\/regulacion-sanitaria\/wp-content\/uploads\/2022\/05\/WhatsApp-Image-2022-05-18-at-4.14.40-PM-1-768x1024.jpeg 768w, https:\/\/saludnl.gob.mx\/regulacion-sanitaria\/wp-content\/uploads\/2022\/05\/WhatsApp-Image-2022-05-18-at-4.14.40-PM-1-225x300.jpeg 225w, https:\/\/saludnl.gob.mx\/regulacion-sanitaria\/wp-content\/uploads\/2022\/05\/WhatsApp-Image-2022-05-18-at-4.14.40-PM-1-1152x1536.jpeg 1152w, https:\/\/saludnl.gob.mx\/regulacion-sanitaria\/wp-content\/uploads\/2022\/05\/WhatsApp-Image-2022-05-18-at-4.14.40-PM-1.jpeg 1200w\" sizes=\"auto, (max-width: 768px) 100vw, 768px\" \/><\/figure><\/li><li class=\"blocks-gallery-item\"><figure><img loading=\"lazy\" decoding=\"async\" width=\"1024\" height=\"768\" src=\"https:\/\/saludnl.gob.mx\/regulacion-sanitaria\/wp-content\/uploads\/2022\/05\/OC-04-1024x768.jpeg\" alt=\"\" data-id=\"9764\" data-full-url=\"https:\/\/saludnl.gob.mx\/regulacion-sanitaria\/wp-content\/uploads\/2022\/05\/OC-04.jpeg\" data-link=\"https:\/\/saludnl.gob.mx\/regulacion-sanitaria\/index.php\/primera-semana-nacional-contra-riesgos-sanitarios-2022\/oc-04\/\" class=\"wp-image-9764\" srcset=\"https:\/\/saludnl.gob.mx\/regulacion-sanitaria\/wp-content\/uploads\/2022\/05\/OC-04-1024x768.jpeg 1024w, https:\/\/saludnl.gob.mx\/regulacion-sanitaria\/wp-content\/uploads\/2022\/05\/OC-04-300x225.jpeg 300w, https:\/\/saludnl.gob.mx\/regulacion-sanitaria\/wp-content\/uploads\/2022\/05\/OC-04-768x576.jpeg 768w, https:\/\/saludnl.gob.mx\/regulacion-sanitaria\/wp-content\/uploads\/2022\/05\/OC-04-1536x1152.jpeg 1536w, https:\/\/saludnl.gob.mx\/regulacion-sanitaria\/wp-content\/uploads\/2022\/05\/OC-04.jpeg 1600w\" sizes=\"auto, (max-width: 1024px) 100vw, 1024px\" \/><\/figure><\/li><\/ul><\/figure>\n\n\n\n<figure class=\"wp-block-image size-large\"><img loading=\"lazy\" decoding=\"async\" width=\"768\" height=\"1024\" src=\"https:\/\/saludnl.gob.mx\/regulacion-sanitaria\/wp-content\/uploads\/2022\/05\/WhatsApp-Image-2022-05-18-at-4.21.14-PM-7-768x1024.jpeg\" alt=\"\" class=\"wp-image-9761\" srcset=\"https:\/\/saludnl.gob.mx\/regulacion-sanitaria\/wp-content\/uploads\/2022\/05\/WhatsApp-Image-2022-05-18-at-4.21.14-PM-7-768x1024.jpeg 768w, https:\/\/saludnl.gob.mx\/regulacion-sanitaria\/wp-content\/uploads\/2022\/05\/WhatsApp-Image-2022-05-18-at-4.21.14-PM-7-225x300.jpeg 225w, https:\/\/saludnl.gob.mx\/regulacion-sanitaria\/wp-content\/uploads\/2022\/05\/WhatsApp-Image-2022-05-18-at-4.21.14-PM-7-1152x1536.jpeg 1152w, https:\/\/saludnl.gob.mx\/regulacion-sanitaria\/wp-content\/uploads\/2022\/05\/WhatsApp-Image-2022-05-18-at-4.21.14-PM-7.jpeg 1200w\" sizes=\"auto, (max-width: 768px) 100vw, 768px\" \/><\/figure>\n","protected":false},"excerpt":{"rendered":"<p>La Comisi\u00f3n Nacional del Agua (Conagua) y la Comisi\u00f3n Federal para la Protecci\u00f3n contra Riesgos Sanitarios (Cofepris) establecieron una alianza estrat\u00e9gica con el objetivo de contribuir a la disminuci\u00f3n de riesgos sanitarios, mediante acciones de difusi\u00f3n y educaci\u00f3n dirigidas a diferentes sectores de la poblaci\u00f3n en todo el pa\u00eds. Para ello, se desarroll\u00f3 la&nbsp;Primera Semana [&hellip;]<\/p>\n","protected":false},"author":5,"featured_media":9540,"parent":0,"menu_order":0,"comment_status":"closed","ping_status":"closed","template":"","meta":{"footnotes":""},"class_list":["post-9538","page","type-page","status-publish","has-post-thumbnail","hentry"],"_links":{"self":[{"href":"https:\/\/saludnl.gob.mx\/regulacion-sanitaria\/index.php\/wp-json\/wp\/v2\/pages\/9538","targetHints":{"allow":["GET"]}}],"collection":[{"href":"https:\/\/saludnl.gob.mx\/regulacion-sanitaria\/index.php\/wp-json\/wp\/v2\/pages"}],"about":[{"href":"https:\/\/saludnl.gob.mx\/regulacion-sanitaria\/index.php\/wp-json\/wp\/v2\/types\/page"}],"author":[{"embeddable":true,"href":"https:\/\/saludnl.gob.mx\/regulacion-sanitaria\/index.php\/wp-json\/wp\/v2\/users\/5"}],"replies":[{"embeddable":true,"href":"https:\/\/saludnl.gob.mx\/regulacion-sanitaria\/index.php\/wp-json\/wp\/v2\/comments?post=9538"}],"version-history":[{"count":3,"href":"https:\/\/saludnl.gob.mx\/regulacion-sanitaria\/index.php\/wp-json\/wp\/v2\/pages\/9538\/revisions"}],"predecessor-version":[{"id":9765,"href":"https:\/\/saludnl.gob.mx\/regulacion-sanitaria\/index.php\/wp-json\/wp\/v2\/pages\/9538\/revisions\/9765"}],"wp:featuredmedia":[{"embeddable":true,"href":"https:\/\/saludnl.gob.mx\/regulacion-sanitaria\/index.php\/wp-json\/wp\/v2\/media\/9540"}],"wp:attachment":[{"href":"https:\/\/saludnl.gob.mx\/regulacion-sanitaria\/index.php\/wp-json\/wp\/v2\/media?parent=9538"}],"curies":[{"name":"wp","href":"https:\/\/api.w.org\/{rel}","templated":true}]}}