{"id":158,"date":"2017-10-30T15:34:01","date_gmt":"2017-10-30T21:34:01","guid":{"rendered":"http:\/\/localhost\/regulacion-sanitaria\/?page_id=158"},"modified":"2025-06-05T13:36:18","modified_gmt":"2025-06-05T19:36:18","slug":"proteccion-radiologica","status":"publish","type":"page","link":"https:\/\/saludnl.gob.mx\/regulacion-sanitaria\/index.php\/proteccion-radiologica\/","title":{"rendered":""},"content":{"rendered":"\n\n\n<figure class=\"wp-block-gallery aligncenter has-nested-images columns-default is-cropped wp-block-gallery-1 is-layout-flex wp-block-gallery-is-layout-flex\">\n<figure class=\"wp-block-image size-large\"><img loading=\"lazy\" decoding=\"async\" width=\"1024\" height=\"375\" data-id=\"28669\" src=\"https:\/\/saludnl.gob.mx\/regulacion-sanitaria\/wp-content\/uploads\/2025\/06\/rayos-x-1024x375.jpg\" alt=\"\" class=\"wp-image-28669\" srcset=\"https:\/\/saludnl.gob.mx\/regulacion-sanitaria\/wp-content\/uploads\/2025\/06\/rayos-x-1024x375.jpg 1024w, https:\/\/saludnl.gob.mx\/regulacion-sanitaria\/wp-content\/uploads\/2025\/06\/rayos-x-300x110.jpg 300w, https:\/\/saludnl.gob.mx\/regulacion-sanitaria\/wp-content\/uploads\/2025\/06\/rayos-x-768x281.jpg 768w, https:\/\/saludnl.gob.mx\/regulacion-sanitaria\/wp-content\/uploads\/2025\/06\/rayos-x.jpg 1150w\" sizes=\"auto, (max-width: 1024px) 100vw, 1024px\" \/><\/figure>\n<\/figure>\n\n\n\n<p><\/p>\n\n\n\n<div class=\"wp-block-columns is-layout-flex wp-container-core-columns-is-layout-9d6595d7 wp-block-columns-is-layout-flex\">\n<div class=\"wp-block-column is-layout-flow wp-block-column-is-layout-flow\">\n<figure class=\"wp-block-image size-full\"><img loading=\"lazy\" decoding=\"async\" width=\"601\" height=\"290\" src=\"https:\/\/saludnl.gob.mx\/regulacion-sanitaria\/wp-content\/uploads\/2025\/06\/3_Objetivo.png\" alt=\"\" class=\"wp-image-28671\" srcset=\"https:\/\/saludnl.gob.mx\/regulacion-sanitaria\/wp-content\/uploads\/2025\/06\/3_Objetivo.png 601w, https:\/\/saludnl.gob.mx\/regulacion-sanitaria\/wp-content\/uploads\/2025\/06\/3_Objetivo-300x145.png 300w\" sizes=\"auto, (max-width: 601px) 100vw, 601px\" \/><\/figure>\n<\/div>\n\n\n\n<div class=\"wp-block-column is-layout-flow wp-block-column-is-layout-flow\">\n<figure class=\"wp-block-image size-full\"><img loading=\"lazy\" decoding=\"async\" width=\"601\" height=\"290\" src=\"https:\/\/saludnl.gob.mx\/regulacion-sanitaria\/wp-content\/uploads\/2025\/06\/4_\u00bfQue-estamos-haciendo-.png\" alt=\"\" class=\"wp-image-28672\" srcset=\"https:\/\/saludnl.gob.mx\/regulacion-sanitaria\/wp-content\/uploads\/2025\/06\/4_\u00bfQue-estamos-haciendo-.png 601w, https:\/\/saludnl.gob.mx\/regulacion-sanitaria\/wp-content\/uploads\/2025\/06\/4_\u00bfQue-estamos-haciendo--300x145.png 300w\" sizes=\"auto, (max-width: 601px) 100vw, 601px\" \/><\/figure>\n<\/div>\n<\/div>\n\n\n\n<div class=\"wp-block-columns is-layout-flex wp-container-core-columns-is-layout-9d6595d7 wp-block-columns-is-layout-flex\">\n<div class=\"wp-block-column is-layout-flow wp-block-column-is-layout-flow\">\n<p>Garantizar la protecci\u00f3n tanto del personal ocupacionalmente expuesto como la del paciente y de la poblaci\u00f3n en general ante el uso de fuentes de radiaci\u00f3n ionizante (Rayos X), con el fin de disminuir el riesgo o alg\u00fan da\u00f1o ocasionado por la cantidad de radiaci\u00f3n generada, mediante un programa de verificaci\u00f3n y supervisi\u00f3n sanitaria dirigida a la infraestructura, equipamiento, y personal ocupacionalmente expuesto. Lo anterior para que los establecimientos cumplan con un servicio de calidad el cual garantice una imagen radiogr\u00e1fica \u00f3ptima para obtener un buen diagn\u00f3stico y sin necesidad de repetir estudios.<\/p>\n<\/div>\n\n\n\n<div class=\"wp-block-column is-layout-flow wp-block-column-is-layout-flow\">\n<p>En el a\u00f1o se realizan actividades de fomento y vigilancia sanitaria como:<\/p>\n\n\n\n<ul class=\"wp-block-list\">\n<li>Informaci\u00f3n al personal del \u00e1rea m\u00e9dica, due\u00f1os, representantes legales y responsables de establecimientos donde se utilicen equipos de rayos x, sobre requisitos sanitarios que deben cumplir en los gabinetes de rayos x, as\u00ed como las entrega de tr\u00edpticos informativos.<\/li>\n\n\n\n<li>Vigilar que los establecimientos con equipos de rayos x cuenten con equipos, mobiliario, personal y limpieza adecuadas para la toma de radiograf\u00edas, priorizando la utilizaci\u00f3n de equipos y medidas de protecci\u00f3n personal al personal que realiza estos ex\u00e1menes.<\/li>\n<\/ul>\n<\/div>\n<\/div>\n\n\n\n<p><\/p>\n\n\n\n<div class=\"wp-block-columns is-layout-flex wp-container-core-columns-is-layout-9d6595d7 wp-block-columns-is-layout-flex\">\n<div class=\"wp-block-column is-layout-flow wp-block-column-is-layout-flow\">\n<figure class=\"wp-block-image size-full\"><img loading=\"lazy\" decoding=\"async\" width=\"601\" height=\"290\" src=\"https:\/\/saludnl.gob.mx\/regulacion-sanitaria\/wp-content\/uploads\/2025\/06\/5_Beneficios.png\" alt=\"\" class=\"wp-image-28674\" srcset=\"https:\/\/saludnl.gob.mx\/regulacion-sanitaria\/wp-content\/uploads\/2025\/06\/5_Beneficios.png 601w, https:\/\/saludnl.gob.mx\/regulacion-sanitaria\/wp-content\/uploads\/2025\/06\/5_Beneficios-300x145.png 300w\" sizes=\"auto, (max-width: 601px) 100vw, 601px\" \/><\/figure>\n<\/div>\n\n\n\n<div class=\"wp-block-column is-layout-flow wp-block-column-is-layout-flow\">\n<figure class=\"wp-block-image size-full\"><img loading=\"lazy\" decoding=\"async\" width=\"601\" height=\"290\" src=\"https:\/\/saludnl.gob.mx\/regulacion-sanitaria\/wp-content\/uploads\/2025\/06\/6_Mas-info.png\" alt=\"\" class=\"wp-image-28675\" srcset=\"https:\/\/saludnl.gob.mx\/regulacion-sanitaria\/wp-content\/uploads\/2025\/06\/6_Mas-info.png 601w, https:\/\/saludnl.gob.mx\/regulacion-sanitaria\/wp-content\/uploads\/2025\/06\/6_Mas-info-300x145.png 300w\" sizes=\"auto, (max-width: 601px) 100vw, 601px\" \/><\/figure>\n<\/div>\n<\/div>\n\n\n\n<div class=\"wp-block-columns is-layout-flex wp-container-core-columns-is-layout-9d6595d7 wp-block-columns-is-layout-flex\">\n<div class=\"wp-block-column is-layout-flow wp-block-column-is-layout-flow\">\n<p>Protecci\u00f3n al personal que realiza la toma de radiograf\u00edas y a los pacientes que solicitan la realizaci\u00f3n de un estudio , evitando la exposici\u00f3n a radiaciones y mejorar la calidad de las radiograf\u00edas que se toman para un mejor diagnostico y tratamiento.<\/p>\n<\/div>\n\n\n\n<div class=\"wp-block-column is-layout-flow wp-block-column-is-layout-flow\">\n<ul class=\"wp-block-list\">\n<li><a href=\"https:\/\/www.sinec.gob.mx\/SINEC\/Vista\/Normalizacion\/DetalleNorma.xhtml?pidn=bWswNDF1bXpaUHcvdk0xNDlzcVRlZz09\"><mark style=\"background-color:rgba(0, 0, 0, 0)\" class=\"has-inline-color has-vivid-cyan-blue-color\">NORMA Oficial Mexicana NOM-229-SSA1-2002, Salud ambiental. Requisitos t\u00e9cnicos para las instalaciones, responsabilidades sanitarias, especificaciones t\u00e9cnicas para los equipos y protecci\u00f3n radiol\u00f3gica en establecimientos de diagn\u00f3stico m\u00e9dico con rayos X.<\/mark><\/a><\/li>\n<\/ul>\n<\/div>\n<\/div>\n\n\n\n<p><\/p>\n\n\n<div class=\"wp-block-image\">\n<figure class=\"aligncenter size-large\"><img loading=\"lazy\" decoding=\"async\" width=\"1024\" height=\"187\" src=\"https:\/\/saludnl.gob.mx\/regulacion-sanitaria\/wp-content\/uploads\/2025\/06\/30_Curso-en-linea-1024x187.png\" alt=\"\" class=\"wp-image-28677\" srcset=\"https:\/\/saludnl.gob.mx\/regulacion-sanitaria\/wp-content\/uploads\/2025\/06\/30_Curso-en-linea-1024x187.png 1024w, https:\/\/saludnl.gob.mx\/regulacion-sanitaria\/wp-content\/uploads\/2025\/06\/30_Curso-en-linea-300x55.png 300w, https:\/\/saludnl.gob.mx\/regulacion-sanitaria\/wp-content\/uploads\/2025\/06\/30_Curso-en-linea-768x141.png 768w, https:\/\/saludnl.gob.mx\/regulacion-sanitaria\/wp-content\/uploads\/2025\/06\/30_Curso-en-linea.png 1366w\" sizes=\"auto, (max-width: 1024px) 100vw, 1024px\" \/><\/figure>\n<\/div>\n\n\n<p><\/p>\n\n\n\n<p><strong>Introducci\u00f3n a la Protecci\u00f3n y Seguridad Radiol\u00f3gica.<\/strong><\/p>\n\n\n\n<figure class=\"wp-block-image size-full\"><a href=\"https:\/\/saludnl.gob.mx\/regulacion-sanitaria\/cursos\/course\/principios-de-proteccion-y-seguridad-radiologica-en-la-atencion-medica\/\" target=\"_blank\" rel=\" noreferrer noopener\"><img loading=\"lazy\" decoding=\"async\" width=\"400\" height=\"250\" src=\"https:\/\/saludnl.gob.mx\/regulacion-sanitaria\/wp-content\/uploads\/2025\/06\/MEDICIONA-ESTETICA-.png\" alt=\"\" class=\"wp-image-28686\" srcset=\"https:\/\/saludnl.gob.mx\/regulacion-sanitaria\/wp-content\/uploads\/2025\/06\/MEDICIONA-ESTETICA-.png 400w, https:\/\/saludnl.gob.mx\/regulacion-sanitaria\/wp-content\/uploads\/2025\/06\/MEDICIONA-ESTETICA--300x188.png 300w\" sizes=\"auto, (max-width: 400px) 100vw, 400px\" \/><\/a><\/figure>\n\n\n\n<p><\/p>\n","protected":false},"excerpt":{"rendered":"<p>Garantizar la protecci\u00f3n tanto del personal ocupacionalmente expuesto como la del paciente y de la poblaci\u00f3n en general ante el uso de fuentes de radiaci\u00f3n ionizante (Rayos X), con el fin de disminuir el riesgo o alg\u00fan da\u00f1o ocasionado por la cantidad de radiaci\u00f3n generada, mediante un programa de verificaci\u00f3n y supervisi\u00f3n sanitaria dirigida a [&hellip;]<\/p>\n","protected":false},"author":5,"featured_media":14557,"parent":0,"menu_order":0,"comment_status":"closed","ping_status":"closed","template":"","meta":{"footnotes":""},"class_list":["post-158","page","type-page","status-publish","has-post-thumbnail","hentry"],"_links":{"self":[{"href":"https:\/\/saludnl.gob.mx\/regulacion-sanitaria\/index.php\/wp-json\/wp\/v2\/pages\/158","targetHints":{"allow":["GET"]}}],"collection":[{"href":"https:\/\/saludnl.gob.mx\/regulacion-sanitaria\/index.php\/wp-json\/wp\/v2\/pages"}],"about":[{"href":"https:\/\/saludnl.gob.mx\/regulacion-sanitaria\/index.php\/wp-json\/wp\/v2\/types\/page"}],"author":[{"embeddable":true,"href":"https:\/\/saludnl.gob.mx\/regulacion-sanitaria\/index.php\/wp-json\/wp\/v2\/users\/5"}],"replies":[{"embeddable":true,"href":"https:\/\/saludnl.gob.mx\/regulacion-sanitaria\/index.php\/wp-json\/wp\/v2\/comments?post=158"}],"version-history":[{"count":11,"href":"https:\/\/saludnl.gob.mx\/regulacion-sanitaria\/index.php\/wp-json\/wp\/v2\/pages\/158\/revisions"}],"predecessor-version":[{"id":28689,"href":"https:\/\/saludnl.gob.mx\/regulacion-sanitaria\/index.php\/wp-json\/wp\/v2\/pages\/158\/revisions\/28689"}],"wp:featuredmedia":[{"embeddable":true,"href":"https:\/\/saludnl.gob.mx\/regulacion-sanitaria\/index.php\/wp-json\/wp\/v2\/media\/14557"}],"wp:attachment":[{"href":"https:\/\/saludnl.gob.mx\/regulacion-sanitaria\/index.php\/wp-json\/wp\/v2\/media?parent=158"}],"curies":[{"name":"wp","href":"https:\/\/api.w.org\/{rel}","templated":true}]}}